{"id":243,"date":"2020-01-27T08:29:02","date_gmt":"2020-01-27T08:29:02","guid":{"rendered":"https:\/\/www.epistel.se\/?page_id=243"},"modified":"2020-01-27T08:29:03","modified_gmt":"2020-01-27T08:29:03","slug":"loftets-landskap","status":"publish","type":"page","link":"https:\/\/www.epistel.se\/?page_id=243","title":{"rendered":"L\u00f6ftets landskap"},"content":{"rendered":"\n<h4>Fastlagss\u00f6ndagen\n| k\u00e4rlekens v\u00e4g<\/h4>\n\n\n\n<p><em>Inspirerad av F\u00f6rsta Timotheosbrevet 2:4-6<\/em><\/p>\n\n\n\n<p><\/p>\n\n\n\n<p>Du g\u00e5r hela v\u00e4gen, g\u00e5r den steg f\u00f6r steg.<br>Du \u00e4r mer \u00e4n m\u00f6tet. Du \u00e4r livets v\u00e4g.<br>Tveksamhet och v\u00e4ntan v\u00e4njer du dig vid.<br>Ditt \u00e4r \u00f6gonblicket, din \u00e4r varje tid.<\/p>\n\n\n\n<p>N\u00e4r jag k\u00e4nt mig kantst\u00f6tt, br\u00e4cklig, allt k\u00e4nts sk\u00f6rt<br>har \u00e4nd\u00e5 din n\u00e4rhet skyddat och ber\u00f6rt.<br>N\u00e4r mitt liv \u00e4r ensamt, sviket, utanf\u00f6r<br>\u00e4r du den som finns d\u00e4r, ser mig och ber\u00f6r.<\/p>\n\n\n\n<p>Vid min sida vandrar du.<br>V\u00e4gen \u00e4r min b\u00e4sta v\u00e4n.<br>K\u00e4rleksv\u00e4gen \u00f6ppnar nu<br>l\u00f6ftets landskap \u00e4nda hem.<\/p>\n\n\n\n<p>N\u00e4r min liv \u00e4r vanmakt, vilsenhet och skam<br>\u00e4r du den som viskar k\u00e4rleksfullt mitt namn.<br>N\u00e4r ett litet Kyrie \u00e4r den b\u00f6n jag har<br>h\u00f6r jag n\u00e5got annat \u2013 bortom det \u2013 ett svar.<\/p>\n\n\n\n<p>\u00c4r din k\u00e4rlek svaret, din barmh\u00e4rtighet?<br>\u00c4r din n\u00e5d s\u00e5 n\u00e4ra att den g\u00f6r mig hel?<br>Du g\u00e5r hela v\u00e4gen, g\u00e5r den steg f\u00f6r steg.<br>Du \u00e4r mer \u00e4n m\u00f6tet. Du \u00e4r livets v\u00e4g.<\/p>\n\n\n\n<p>Vid min sida vandrar du &#8230;<\/p>\n\n\n\n<figure class=\"wp-block-audio\"><audio controls src=\"https:\/\/www.epistel.se\/wp-content\/uploads\/2020\/01\/Loftets_landskap.mp3\"><\/audio><\/figure>\n\n\n\n<figure class=\"wp-block-image size-large\"><a href=\"https:\/\/www.epistel.se\/wp-content\/uploads\/2020\/01\/Loftets_landskap-scaled.jpg\"><img decoding=\"async\" loading=\"lazy\" width=\"683\" height=\"1024\" src=\"https:\/\/www.epistel.se\/wp-content\/uploads\/2020\/01\/Loftets_landskap-683x1024.jpg\" alt=\"\" class=\"wp-image-245\" srcset=\"https:\/\/www.epistel.se\/wp-content\/uploads\/2020\/01\/Loftets_landskap-683x1024.jpg 683w, https:\/\/www.epistel.se\/wp-content\/uploads\/2020\/01\/Loftets_landskap-200x300.jpg 200w, https:\/\/www.epistel.se\/wp-content\/uploads\/2020\/01\/Loftets_landskap-768x1152.jpg 768w, https:\/\/www.epistel.se\/wp-content\/uploads\/2020\/01\/Loftets_landskap-1024x1536.jpg 1024w, https:\/\/www.epistel.se\/wp-content\/uploads\/2020\/01\/Loftets_landskap-1366x2048.jpg 1366w, https:\/\/www.epistel.se\/wp-content\/uploads\/2020\/01\/Loftets_landskap-766x1149.jpg 766w, https:\/\/www.epistel.se\/wp-content\/uploads\/2020\/01\/Loftets_landskap-scaled.jpg 1707w\" sizes=\"(max-width: 683px) 100vw, 683px\" \/><\/a><\/figure>\n","protected":false},"excerpt":{"rendered":"<p>Fastlagss\u00f6ndagen | k\u00e4rlekens v\u00e4g Inspirerad av F\u00f6rsta Timotheosbrevet 2:4-6 Du g\u00e5r hela v\u00e4gen, g\u00e5r den steg f\u00f6r steg.Du \u00e4r mer \u00e4n m\u00f6tet. Du \u00e4r livets v\u00e4g.Tveksamhet och v\u00e4ntan v\u00e4njer du dig vid.Ditt \u00e4r \u00f6gonblicket, din \u00e4r varje tid. N\u00e4r jag k\u00e4nt mig kantst\u00f6tt, br\u00e4cklig, allt k\u00e4nts sk\u00f6rthar \u00e4nd\u00e5 din n\u00e4rhet skyddat och ber\u00f6rt.N\u00e4r mitt liv [&hellip;]<\/p>\n","protected":false},"author":2,"featured_media":0,"parent":0,"menu_order":0,"comment_status":"closed","ping_status":"closed","template":"","meta":{"spay_email":""},"categories":[],"tags":[55,54],"_links":{"self":[{"href":"https:\/\/www.epistel.se\/index.php?rest_route=\/wp\/v2\/pages\/243"}],"collection":[{"href":"https:\/\/www.epistel.se\/index.php?rest_route=\/wp\/v2\/pages"}],"about":[{"href":"https:\/\/www.epistel.se\/index.php?rest_route=\/wp\/v2\/types\/page"}],"author":[{"embeddable":true,"href":"https:\/\/www.epistel.se\/index.php?rest_route=\/wp\/v2\/users\/2"}],"replies":[{"embeddable":true,"href":"https:\/\/www.epistel.se\/index.php?rest_route=%2Fwp%2Fv2%2Fcomments&post=243"}],"version-history":[{"count":1,"href":"https:\/\/www.epistel.se\/index.php?rest_route=\/wp\/v2\/pages\/243\/revisions"}],"predecessor-version":[{"id":246,"href":"https:\/\/www.epistel.se\/index.php?rest_route=\/wp\/v2\/pages\/243\/revisions\/246"}],"wp:attachment":[{"href":"https:\/\/www.epistel.se\/index.php?rest_route=%2Fwp%2Fv2%2Fmedia&parent=243"}],"wp:term":[{"taxonomy":"category","embeddable":true,"href":"https:\/\/www.epistel.se\/index.php?rest_route=%2Fwp%2Fv2%2Fcategories&post=243"},{"taxonomy":"post_tag","embeddable":true,"href":"https:\/\/www.epistel.se\/index.php?rest_route=%2Fwp%2Fv2%2Ftags&post=243"}],"curies":[{"name":"wp","href":"https:\/\/api.w.org\/{rel}","templated":true}]}}